{"id":773,"date":"2020-12-08T15:47:18","date_gmt":"2020-12-08T14:47:18","guid":{"rendered":"https:\/\/www.smsigna.com\/?page_id=773"},"modified":"2021-01-19T14:11:11","modified_gmt":"2021-01-19T13:11:11","slug":"garde-corps-descalier-barrier-mobilier-urbain","status":"publish","type":"page","link":"https:\/\/www.smsigna.com\/index.php\/garde-corps-descalier-barrier-mobilier-urbain\/","title":{"rendered":"Garde-corps d&rsquo;escalier"},"content":{"rendered":"\t\t<div data-elementor-type=\"wp-page\" data-elementor-id=\"773\" class=\"elementor elementor-773\">\n\t\t\t\t\t\t<div class=\"elementor-inner\">\n\t\t\t\t<div class=\"elementor-section-wrap\">\n\t\t\t\t\t\t\t\t\t<section class=\"elementor-section elementor-top-section elementor-element elementor-element-2b9210f elementor-section-stretched elementor-section-boxed elementor-section-height-default elementor-section-height-default\" data-id=\"2b9210f\" data-element_type=\"section\" data-settings=\"{&quot;stretch_section&quot;:&quot;section-stretched&quot;}\">\n\t\t\t\t\t\t<div class=\"elementor-container elementor-column-gap-default\">\n\t\t\t\t\t\t\t<div class=\"elementor-row\">\n\t\t\t\t\t<div class=\"elementor-column elementor-col-100 elementor-top-column elementor-element elementor-element-1d2b616\" data-id=\"1d2b616\" data-element_type=\"column\">\n\t\t\t<div class=\"elementor-column-wrap elementor-element-populated\">\n\t\t\t\t\t\t\t<div class=\"elementor-widget-wrap\">\n\t\t\t\t\t\t<div class=\"elementor-element elementor-element-f5b8dd8 elementor-widget elementor-widget-text-editor\" data-id=\"f5b8dd8\" data-element_type=\"widget\" data-widget_type=\"text-editor.default\">\n\t\t\t\t<div class=\"elementor-widget-container\">\n\t\t\t\t\t\t\t\t<div class=\"elementor-text-editor elementor-clearfix\">\n\t\t\t\t<p>Nous proposons des garde-corps d&rsquo;escalier ext\u00e9rieurs en inox pour d\u00e9limiter des zones ou pour habiller des escaliers publiques<\/p>\t\t\t\t\t<\/div>\n\t\t\t\t\t\t<\/div>\n\t\t\t\t<\/div>\n\t\t\t\t<div class=\"elementor-element elementor-element-0857851 elementor-widget elementor-widget-text-editor\" data-id=\"0857851\" data-element_type=\"widget\" data-widget_type=\"text-editor.default\">\n\t\t\t\t<div class=\"elementor-widget-container\">\n\t\t\t\t\t\t\t\t<div class=\"elementor-text-editor elementor-clearfix\">\n\t\t\t\t<p>garde-corps &#8211; barri\u00e8res &#8211; bariere &#8211; escaliers &#8211; protection &#8211; equipements &#8211; am\u00e9nagement de rue &#8211; mobilier pour \u00e9cole &#8211; s\u00e9parateur &#8211; gard corp &#8211; solution ville &#8211; collectivit\u00e9 &#8211; commune &#8211; bordeaux &#8211; nouvelle aquitaine &#8211; france &#8211; slide &#8211; am\u00e9nagement sportif urbain &#8211; r\u00e9gion nouvelle aquitaine &#8211; s\u00e9curit\u00e9 &#8211; s\u00e9curisation &#8211; fabrication pose et maintenance &#8211; mat\u00e9riaux inox &#8211; personnalisable &#8211; carottage &#8211; carotteuse &#8211; norme ce &#8211; sur-mesure &#8211; ajustable\u00a0 &#8211; conseil client &#8211; suivi chantier &#8211; conseil technique\u00a0 &#8211; autonomie &#8211; protection enfant &#8211; handicap\u00e9 &#8211; aluminium &#8211; r\u00e9sistance dans le temps &#8211; soci\u00e9t\u00e9 moderne de signalisation &#8211; sms &#8211; solution cl\u00e9 en main &#8211; signalisation urbaine &#8211; signal\u00e9tique urbaine &#8211; projet sur-mesure &#8211; fabrication fran\u00e7aise &#8211; charte environnementale &#8211; fluidit\u00e9 des \u00e9changes &#8211; besoin client &#8211; SMSigna<\/p>\t\t\t\t\t<\/div>\n\t\t\t\t\t\t<\/div>\n\t\t\t\t<\/div>\n\t\t\t\t\t\t<\/div>\n\t\t\t\t\t<\/div>\n\t\t<\/div>\n\t\t\t\t\t\t\t\t<\/div>\n\t\t\t\t\t<\/div>\n\t\t<\/section>\n\t\t\t\t<section class=\"elementor-section elementor-top-section elementor-element elementor-element-736f833c elementor-section-stretched elementor-section-boxed elementor-section-height-default elementor-section-height-default\" data-id=\"736f833c\" data-element_type=\"section\" data-settings=\"{&quot;background_background&quot;:&quot;classic&quot;,&quot;stretch_section&quot;:&quot;section-stretched&quot;}\">\n\t\t\t\t\t\t<div class=\"elementor-container elementor-column-gap-no\">\n\t\t\t\t\t\t\t<div class=\"elementor-row\">\n\t\t\t\t\t<div class=\"elementor-column elementor-col-100 elementor-top-column elementor-element elementor-element-20443766\" data-id=\"20443766\" data-element_type=\"column\">\n\t\t\t<div class=\"elementor-column-wrap elementor-element-populated\">\n\t\t\t\t\t\t\t<div class=\"elementor-widget-wrap\">\n\t\t\t\t\t\t<section class=\"elementor-section elementor-inner-section elementor-element elementor-element-7d2ce666 elementor-section-content-middle elementor-section-boxed elementor-section-height-default elementor-section-height-default\" data-id=\"7d2ce666\" data-element_type=\"section\">\n\t\t\t\t\t\t<div class=\"elementor-container elementor-column-gap-no\">\n\t\t\t\t\t\t\t<div class=\"elementor-row\">\n\t\t\t\t\t<div class=\"elementor-column elementor-col-50 elementor-inner-column elementor-element elementor-element-349ab052\" data-id=\"349ab052\" data-element_type=\"column\" data-settings=\"{&quot;background_background&quot;:&quot;classic&quot;}\">\n\t\t\t<div class=\"elementor-column-wrap elementor-element-populated\">\n\t\t\t\t\t\t\t<div class=\"elementor-widget-wrap\">\n\t\t\t\t\t\t<div class=\"elementor-element elementor-element-62f4dd5d elementor-widget elementor-widget-heading\" data-id=\"62f4dd5d\" data-element_type=\"widget\" data-widget_type=\"heading.default\">\n\t\t\t\t<div class=\"elementor-widget-container\">\n\t\t\t<h3 class=\"elementor-heading-title elementor-size-large\">Am\u00e9nagez votre ville !<\/h3>\t\t<\/div>\n\t\t\t\t<\/div>\n\t\t\t\t\t\t<\/div>\n\t\t\t\t\t<\/div>\n\t\t<\/div>\n\t\t\t\t<div class=\"elementor-column elementor-col-50 elementor-inner-column elementor-element elementor-element-3234a03b\" data-id=\"3234a03b\" data-element_type=\"column\" data-settings=\"{&quot;background_background&quot;:&quot;classic&quot;}\">\n\t\t\t<div class=\"elementor-column-wrap elementor-element-populated\">\n\t\t\t\t\t\t\t<div class=\"elementor-widget-wrap\">\n\t\t\t\t\t\t<div class=\"elementor-element elementor-element-59e3a66f elementor-widget elementor-widget-spacer\" data-id=\"59e3a66f\" data-element_type=\"widget\" data-widget_type=\"spacer.default\">\n\t\t\t\t<div class=\"elementor-widget-container\">\n\t\t\t\t\t<div class=\"elementor-spacer\">\n\t\t\t<div class=\"elementor-spacer-inner\"><\/div>\n\t\t<\/div>\n\t\t\t\t<\/div>\n\t\t\t\t<\/div>\n\t\t\t\t\t\t<\/div>\n\t\t\t\t\t<\/div>\n\t\t<\/div>\n\t\t\t\t\t\t\t\t<\/div>\n\t\t\t\t\t<\/div>\n\t\t<\/section>\n\t\t\t\t<section class=\"elementor-section elementor-inner-section elementor-element elementor-element-6aecad6 elementor-section-content-middle elementor-reverse-mobile elementor-section-boxed elementor-section-height-default elementor-section-height-default\" data-id=\"6aecad6\" data-element_type=\"section\">\n\t\t\t\t\t\t<div class=\"elementor-container elementor-column-gap-no\">\n\t\t\t\t\t\t\t<div class=\"elementor-row\">\n\t\t\t\t\t<div class=\"elementor-column elementor-col-50 elementor-inner-column elementor-element elementor-element-1d24b878\" data-id=\"1d24b878\" data-element_type=\"column\" data-settings=\"{&quot;background_background&quot;:&quot;slideshow&quot;,&quot;background_slideshow_gallery&quot;:[{&quot;id&quot;:2315,&quot;url&quot;:&quot;http:\\\/\\\/www.smsigna.com\\\/wp-content\\\/uploads\\\/2020\\\/12\\\/340-1-scaled.jpg&quot;}],&quot;background_slideshow_slide_transition&quot;:&quot;slide_left&quot;,&quot;background_slideshow_loop&quot;:&quot;yes&quot;,&quot;background_slideshow_slide_duration&quot;:5000,&quot;background_slideshow_transition_duration&quot;:500}\">\n\t\t\t<div class=\"elementor-column-wrap elementor-element-populated\">\n\t\t\t\t\t\t\t<div class=\"elementor-widget-wrap\">\n\t\t\t\t\t\t<div class=\"elementor-element elementor-element-20e5e645 elementor-widget elementor-widget-spacer\" data-id=\"20e5e645\" data-element_type=\"widget\" data-widget_type=\"spacer.default\">\n\t\t\t\t<div class=\"elementor-widget-container\">\n\t\t\t\t\t<div class=\"elementor-spacer\">\n\t\t\t<div class=\"elementor-spacer-inner\"><\/div>\n\t\t<\/div>\n\t\t\t\t<\/div>\n\t\t\t\t<\/div>\n\t\t\t\t\t\t<\/div>\n\t\t\t\t\t<\/div>\n\t\t<\/div>\n\t\t\t\t<div class=\"elementor-column elementor-col-50 elementor-inner-column elementor-element elementor-element-4b9f393d\" data-id=\"4b9f393d\" data-element_type=\"column\" data-settings=\"{&quot;background_background&quot;:&quot;classic&quot;}\">\n\t\t\t<div class=\"elementor-column-wrap elementor-element-populated\">\n\t\t\t\t\t\t\t<div class=\"elementor-widget-wrap\">\n\t\t\t\t\t\t<div class=\"elementor-element elementor-element-3b693395 elementor-widget elementor-widget-heading\" data-id=\"3b693395\" data-element_type=\"widget\" data-widget_type=\"heading.default\">\n\t\t\t\t<div class=\"elementor-widget-container\">\n\t\t\t<h3 class=\"elementor-heading-title elementor-size-large\">Prot\u00e9gez votre ville !<\/h3>\t\t<\/div>\n\t\t\t\t<\/div>\n\t\t\t\t\t\t<\/div>\n\t\t\t\t\t<\/div>\n\t\t<\/div>\n\t\t\t\t\t\t\t\t<\/div>\n\t\t\t\t\t<\/div>\n\t\t<\/section>\n\t\t\t\t\t\t<\/div>\n\t\t\t\t\t<\/div>\n\t\t<\/div>\n\t\t\t\t\t\t\t\t<\/div>\n\t\t\t\t\t<\/div>\n\t\t<\/section>\n\t\t\t\t\t\t\t\t\t<\/div>\n\t\t\t<\/div>\n\t\t\t\t\t<\/div>\n\t\t","protected":false},"excerpt":{"rendered":"<p>Nous proposons des gardes corps ext\u00e9rieurs en inox pour d\u00e9limiter des zones ou pour habiller des escaliers publiques. garde-corps &#8211; barri\u00e8res &#8211; [&hellip;]<\/p>\n","protected":false},"author":1,"featured_media":0,"parent":0,"menu_order":0,"comment_status":"closed","ping_status":"closed","template":"","meta":{"footnotes":""},"class_list":["post-773","page","type-page","status-publish","hentry"],"yoast_head":"<!-- This site is optimized with the Yoast SEO plugin v23.8 - https:\/\/yoast.com\/wordpress\/plugins\/seo\/ -->\n<title>Garde-corps d&#039;escalier - garde-corps - mobilier urbain<\/title>\n<meta name=\"description\" content=\"garde-corps - mobilier urbain - fabrication et pose - barri\u00e8re de s\u00e9curit\u00e9 - \u00e9quipement - Am\u00e9nagez et prot\u00e9gez - commune et collectivit\u00e9\" \/>\n<meta name=\"robots\" content=\"index, follow, max-snippet:-1, max-image-preview:large, max-video-preview:-1\" \/>\n<link rel=\"canonical\" href=\"https:\/\/www.smsigna.com\/index.php\/garde-corps-descalier-barrier-mobilier-urbain\/\" \/>\n<meta property=\"og:locale\" content=\"fr_FR\" \/>\n<meta property=\"og:type\" content=\"article\" \/>\n<meta property=\"og:title\" content=\"Garde-corps d&#039;escalier - garde-corps - mobilier urbain\" \/>\n<meta property=\"og:description\" content=\"garde-corps - mobilier urbain - fabrication et pose - barri\u00e8re de s\u00e9curit\u00e9 - \u00e9quipement - Am\u00e9nagez et prot\u00e9gez - commune et collectivit\u00e9\" \/>\n<meta property=\"og:url\" content=\"https:\/\/www.smsigna.com\/index.php\/garde-corps-descalier-barrier-mobilier-urbain\/\" \/>\n<meta property=\"og:site_name\" content=\"Soci\u00e9t\u00e9 moderne des signalisations\" \/>\n<meta property=\"article:modified_time\" content=\"2021-01-19T13:11:11+00:00\" \/>\n<meta name=\"twitter:card\" content=\"summary_large_image\" \/>\n<meta name=\"twitter:label1\" content=\"Dur\u00e9e de lecture estim\u00e9e\" \/>\n\t<meta name=\"twitter:data1\" content=\"1 minute\" \/>\n<script type=\"application\/ld+json\" class=\"yoast-schema-graph\">{\"@context\":\"https:\/\/schema.org\",\"@graph\":[{\"@type\":\"WebPage\",\"@id\":\"https:\/\/www.smsigna.com\/index.php\/garde-corps-descalier-barrier-mobilier-urbain\/\",\"url\":\"https:\/\/www.smsigna.com\/index.php\/garde-corps-descalier-barrier-mobilier-urbain\/\",\"name\":\"Garde-corps d'escalier - garde-corps - mobilier urbain\",\"isPartOf\":{\"@id\":\"https:\/\/www.smsigna.com\/#website\"},\"datePublished\":\"2020-12-08T14:47:18+00:00\",\"dateModified\":\"2021-01-19T13:11:11+00:00\",\"description\":\"garde-corps - mobilier urbain - fabrication et pose - barri\u00e8re de s\u00e9curit\u00e9 - \u00e9quipement - Am\u00e9nagez et prot\u00e9gez - commune et collectivit\u00e9\",\"breadcrumb\":{\"@id\":\"https:\/\/www.smsigna.com\/index.php\/garde-corps-descalier-barrier-mobilier-urbain\/#breadcrumb\"},\"inLanguage\":\"fr-FR\",\"potentialAction\":[{\"@type\":\"ReadAction\",\"target\":[\"https:\/\/www.smsigna.com\/index.php\/garde-corps-descalier-barrier-mobilier-urbain\/\"]}]},{\"@type\":\"BreadcrumbList\",\"@id\":\"https:\/\/www.smsigna.com\/index.php\/garde-corps-descalier-barrier-mobilier-urbain\/#breadcrumb\",\"itemListElement\":[{\"@type\":\"ListItem\",\"position\":1,\"name\":\"Accueil\",\"item\":\"https:\/\/www.smsigna.com\/\"},{\"@type\":\"ListItem\",\"position\":2,\"name\":\"Garde-corps d&rsquo;escalier\"}]},{\"@type\":\"WebSite\",\"@id\":\"https:\/\/www.smsigna.com\/#website\",\"url\":\"https:\/\/www.smsigna.com\/\",\"name\":\"Soci\u00e9t\u00e9 moderne des signalisations\",\"description\":\"soci\u00e9t\u00e9 de signalisation\",\"publisher\":{\"@id\":\"https:\/\/www.smsigna.com\/#organization\"},\"potentialAction\":[{\"@type\":\"SearchAction\",\"target\":{\"@type\":\"EntryPoint\",\"urlTemplate\":\"https:\/\/www.smsigna.com\/?s={search_term_string}\"},\"query-input\":{\"@type\":\"PropertyValueSpecification\",\"valueRequired\":true,\"valueName\":\"search_term_string\"}}],\"inLanguage\":\"fr-FR\"},{\"@type\":\"Organization\",\"@id\":\"https:\/\/www.smsigna.com\/#organization\",\"name\":\"soci\u00e9t\u00e9 moderne des signalisations\",\"url\":\"https:\/\/www.smsigna.com\/\",\"logo\":{\"@type\":\"ImageObject\",\"inLanguage\":\"fr-FR\",\"@id\":\"https:\/\/www.smsigna.com\/#\/schema\/logo\/image\/\",\"url\":\"https:\/\/www.smsigna.com\/wp-content\/uploads\/2021\/01\/logo-rond-sms-2020.jpg\",\"contentUrl\":\"https:\/\/www.smsigna.com\/wp-content\/uploads\/2021\/01\/logo-rond-sms-2020.jpg\",\"width\":1499,\"height\":1306,\"caption\":\"soci\u00e9t\u00e9 moderne des signalisations\"},\"image\":{\"@id\":\"https:\/\/www.smsigna.com\/#\/schema\/logo\/image\/\"}}]}<\/script>\n<!-- \/ Yoast SEO plugin. -->","yoast_head_json":{"title":"Garde-corps d'escalier - garde-corps - mobilier urbain","description":"garde-corps - mobilier urbain - fabrication et pose - barri\u00e8re de s\u00e9curit\u00e9 - \u00e9quipement - Am\u00e9nagez et prot\u00e9gez - commune et collectivit\u00e9","robots":{"index":"index","follow":"follow","max-snippet":"max-snippet:-1","max-image-preview":"max-image-preview:large","max-video-preview":"max-video-preview:-1"},"canonical":"https:\/\/www.smsigna.com\/index.php\/garde-corps-descalier-barrier-mobilier-urbain\/","og_locale":"fr_FR","og_type":"article","og_title":"Garde-corps d'escalier - garde-corps - mobilier urbain","og_description":"garde-corps - mobilier urbain - fabrication et pose - barri\u00e8re de s\u00e9curit\u00e9 - \u00e9quipement - Am\u00e9nagez et prot\u00e9gez - commune et collectivit\u00e9","og_url":"https:\/\/www.smsigna.com\/index.php\/garde-corps-descalier-barrier-mobilier-urbain\/","og_site_name":"Soci\u00e9t\u00e9 moderne des signalisations","article_modified_time":"2021-01-19T13:11:11+00:00","twitter_card":"summary_large_image","twitter_misc":{"Dur\u00e9e de lecture estim\u00e9e":"1 minute"},"schema":{"@context":"https:\/\/schema.org","@graph":[{"@type":"WebPage","@id":"https:\/\/www.smsigna.com\/index.php\/garde-corps-descalier-barrier-mobilier-urbain\/","url":"https:\/\/www.smsigna.com\/index.php\/garde-corps-descalier-barrier-mobilier-urbain\/","name":"Garde-corps d'escalier - garde-corps - mobilier urbain","isPartOf":{"@id":"https:\/\/www.smsigna.com\/#website"},"datePublished":"2020-12-08T14:47:18+00:00","dateModified":"2021-01-19T13:11:11+00:00","description":"garde-corps - mobilier urbain - fabrication et pose - barri\u00e8re de s\u00e9curit\u00e9 - \u00e9quipement - Am\u00e9nagez et prot\u00e9gez - commune et collectivit\u00e9","breadcrumb":{"@id":"https:\/\/www.smsigna.com\/index.php\/garde-corps-descalier-barrier-mobilier-urbain\/#breadcrumb"},"inLanguage":"fr-FR","potentialAction":[{"@type":"ReadAction","target":["https:\/\/www.smsigna.com\/index.php\/garde-corps-descalier-barrier-mobilier-urbain\/"]}]},{"@type":"BreadcrumbList","@id":"https:\/\/www.smsigna.com\/index.php\/garde-corps-descalier-barrier-mobilier-urbain\/#breadcrumb","itemListElement":[{"@type":"ListItem","position":1,"name":"Accueil","item":"https:\/\/www.smsigna.com\/"},{"@type":"ListItem","position":2,"name":"Garde-corps d&rsquo;escalier"}]},{"@type":"WebSite","@id":"https:\/\/www.smsigna.com\/#website","url":"https:\/\/www.smsigna.com\/","name":"Soci\u00e9t\u00e9 moderne des signalisations","description":"soci\u00e9t\u00e9 de signalisation","publisher":{"@id":"https:\/\/www.smsigna.com\/#organization"},"potentialAction":[{"@type":"SearchAction","target":{"@type":"EntryPoint","urlTemplate":"https:\/\/www.smsigna.com\/?s={search_term_string}"},"query-input":{"@type":"PropertyValueSpecification","valueRequired":true,"valueName":"search_term_string"}}],"inLanguage":"fr-FR"},{"@type":"Organization","@id":"https:\/\/www.smsigna.com\/#organization","name":"soci\u00e9t\u00e9 moderne des signalisations","url":"https:\/\/www.smsigna.com\/","logo":{"@type":"ImageObject","inLanguage":"fr-FR","@id":"https:\/\/www.smsigna.com\/#\/schema\/logo\/image\/","url":"https:\/\/www.smsigna.com\/wp-content\/uploads\/2021\/01\/logo-rond-sms-2020.jpg","contentUrl":"https:\/\/www.smsigna.com\/wp-content\/uploads\/2021\/01\/logo-rond-sms-2020.jpg","width":1499,"height":1306,"caption":"soci\u00e9t\u00e9 moderne des signalisations"},"image":{"@id":"https:\/\/www.smsigna.com\/#\/schema\/logo\/image\/"}}]}},"_links":{"self":[{"href":"https:\/\/www.smsigna.com\/index.php\/wp-json\/wp\/v2\/pages\/773","targetHints":{"allow":["GET"]}}],"collection":[{"href":"https:\/\/www.smsigna.com\/index.php\/wp-json\/wp\/v2\/pages"}],"about":[{"href":"https:\/\/www.smsigna.com\/index.php\/wp-json\/wp\/v2\/types\/page"}],"author":[{"embeddable":true,"href":"https:\/\/www.smsigna.com\/index.php\/wp-json\/wp\/v2\/users\/1"}],"replies":[{"embeddable":true,"href":"https:\/\/www.smsigna.com\/index.php\/wp-json\/wp\/v2\/comments?post=773"}],"version-history":[{"count":34,"href":"https:\/\/www.smsigna.com\/index.php\/wp-json\/wp\/v2\/pages\/773\/revisions"}],"predecessor-version":[{"id":2760,"href":"https:\/\/www.smsigna.com\/index.php\/wp-json\/wp\/v2\/pages\/773\/revisions\/2760"}],"wp:attachment":[{"href":"https:\/\/www.smsigna.com\/index.php\/wp-json\/wp\/v2\/media?parent=773"}],"curies":[{"name":"wp","href":"https:\/\/api.w.org\/{rel}","templated":true}]}}